{"id":506,"date":"2025-10-09T10:15:25","date_gmt":"2025-10-09T10:15:25","guid":{"rendered":"https:\/\/suminis-carpinterialoreto.com\/?page_id=506"},"modified":"2026-02-02T09:59:41","modified_gmt":"2026-02-02T09:59:41","slug":"inicio","status":"publish","type":"page","link":"https:\/\/suminis-carpinterialoreto.com\/","title":{"rendered":"INICIO"},"content":{"rendered":"\n    \n    <section class=\"u-clearfix u-valign-middle-lg u-valign-middle-md u-section-2\" id=\"sec-f06f\">\n      <div class=\"u-expanded-width u-list u-list-1\">\n        <div class=\"u-repeater u-repeater-1\">\n          <div class=\"u-container-style u-image u-list-item u-repeater-item u-image-1\" style=\"background-image: url(&quot;https:\/\/suminis-carpinterialoreto.com\/wp-content\/uploads\/2025\/10\/photo-1617835381277-1d58bb6e7c08-3.jpeg&quot;);\">\n            <div class=\"u-container-layout u-similar-container u-container-layout-1\"><\/div>\n          <\/div>\n          <div class=\"u-container-style u-hidden-xs u-image u-list-item u-repeater-item u-image-2\" style=\"background-image: url(&quot;https:\/\/suminis-carpinterialoreto.com\/wp-content\/uploads\/2025\/10\/photo-1652272161002-9c7247227270-3.jpeg&quot;);\">\n            <div class=\"u-container-layout u-similar-container u-container-layout-2\"><\/div>\n          <\/div>\n          <div class=\"u-container-style u-hidden-xs u-image u-list-item u-repeater-item u-image-3\" style=\"background-image: url(&quot;https:\/\/suminis-carpinterialoreto.com\/wp-content\/uploads\/2025\/10\/photo-1544164560-adac3045edb2-3.jpeg&quot;);\">\n            <div class=\"u-container-layout u-similar-container u-container-layout-3\"><\/div>\n          <\/div>\n        <\/div>\n      <\/div>\n      <div class=\"custom-expanded u-align-left u-container-align-left u-container-align-left-lg u-container-align-left-md u-container-align-left-sm u-container-align-left-xl u-container-style u-custom-color-1 u-group u-opacity u-opacity-60 u-shape-rectangle u-group-1\" data-animation-name=\"jackInTheBox\" data-animation-duration=\"1000\" data-animation-delay=\"0\" data-animation-direction=\"\">\n        <div class=\"u-container-layout u-valign-middle-lg u-valign-middle-md u-valign-middle-sm u-valign-top-xl u-container-layout-4\">\n          <h1 class=\"u-align-left u-text u-text-1\">Suminis Carpinteria<br>Loreto&nbsp;&nbsp; \n          <\/h1>\n          <a href=\"#\" class=\"u-active-white u-align-left u-border-2 u-border-active-white u-border-hover-white u-border-white u-btn u-button-style u-hover-white u-none u-text-active-palette-1-light-1 u-text-body-alt-color u-text-hover-palette-1-light-1 u-btn-1\" data-animation-name=\"\" data-animation-duration=\"0\" data-animation-delay=\"0\" data-animation-direction=\"\">CONTACTANOS<\/a>\n        <\/div>\n      <\/div>\n    <\/section>\n    <section class=\"u-align-left u-clearfix u-container-align-left u-grey-5 u-section-3\" id=\"sec-f2a7\">\n      <div class=\"u-clearfix u-sheet u-sheet-1\">\n        <h2 class=\"u-custom-font u-font-montserrat u-text u-text-1\">Nuestra empresa en numeros: <\/h2>\n        <div class=\"u-expanded-width u-list u-list-1\">\n          <div class=\"u-repeater u-repeater-1\">\n            <div class=\"u-align-center-xs u-align-left-lg u-align-left-md u-align-left-sm u-align-left-xl u-container-style u-list-item u-radius-50 u-repeater-item u-shape-round u-white u-list-item-1\">\n              <div class=\"u-container-layout u-similar-container u-valign-top-lg u-valign-top-md u-valign-top-sm u-container-layout-1\"><span class=\"u-custom-color-4 u-file-icon u-icon u-icon-circle u-icon-1\"><img decoding=\"async\" src=\"https:\/\/suminis-carpinterialoreto.com\/wp-content\/uploads\/2025\/10\/1176027-2.png\" alt=\"\"><\/span>\n                <h3 class=\"u-custom-font u-font-montserrat u-text u-text-2\" data-animation-name=\"counter\" data-animation-event=\"scroll\" data-animation-duration=\"3000\"> +5000<\/h3>\n                <h4 class=\"u-custom-font u-font-montserrat u-text u-text-3\"> PUERTA FABRICADAS<\/h4>\n                <p class=\"u-text u-text-4\"> En estos casi 50 a\u00f1os de existencia, hemos fabricado m\u00e1s de 5000 puerta, ventanas...<\/p>\n              <\/div>\n            <\/div>\n            <div class=\"u-align-center-xs u-align-left-lg u-align-left-md u-align-left-sm u-align-left-xl u-container-style u-list-item u-radius-50 u-repeater-item u-shape-round u-white u-list-item-2\">\n              <div class=\"u-container-layout u-similar-container u-valign-top-lg u-valign-top-md u-valign-top-sm u-container-layout-2\"><span class=\"u-custom-color-4 u-file-icon u-icon u-icon-circle u-icon-2\"><img decoding=\"async\" src=\"https:\/\/suminis-carpinterialoreto.com\/wp-content\/uploads\/2025\/10\/4151237-2.png\" alt=\"\"><\/span>\n                <h3 class=\"u-custom-font u-font-montserrat u-text u-text-5\" data-animation-name=\"counter\" data-animation-event=\"scroll\" data-animation-duration=\"3000\">+4.958<\/h3>\n                <h4 class=\"u-custom-font u-font-montserrat u-text u-text-6\"> CLIENTES FELICES<\/h4>\n                <p class=\"u-text u-text-7\">Durante de tantos a\u00f1os de fabricar las puertas, hemos hecho felices m\u00e1s de 4000 de nuestros clientes<\/p>\n              <\/div>\n            <\/div>\n            <div class=\"u-align-center-xs u-align-left-lg u-align-left-md u-align-left-sm u-align-left-xl u-container-style u-list-item u-radius-50 u-repeater-item u-shape-round u-white u-list-item-3\">\n              <div class=\"u-container-layout u-similar-container u-valign-top-lg u-valign-top-md u-valign-top-sm u-container-layout-3\"><span class=\"u-custom-color-4 u-file-icon u-icon u-icon-circle u-icon-3\"><img decoding=\"async\" src=\"https:\/\/suminis-carpinterialoreto.com\/wp-content\/uploads\/2025\/10\/10157969-2.png\" alt=\"\"><\/span>\n                <h3 class=\"u-custom-font u-font-montserrat u-text u-text-8\" data-animation-name=\"counter\" data-animation-event=\"scroll\" data-animation-duration=\"3000\">+3.129<\/h3>\n                <h4 class=\"u-custom-font u-font-montserrat u-text u-text-9\"> REUNIONES<\/h4>\n                <p class=\"u-text u-text-10\">Hemos realizado mas de 3000 reuniones para poder satisfacer nuestros clientes, que siempre es lo primero.<\/p>\n              <\/div>\n            <\/div>\n          <\/div>\n        <\/div>\n      <\/div>\n    <\/section>\n    <section class=\"u-clearfix u-white u-section-4\" id=\"sec-b209\">\n      <div class=\"u-clearfix u-sheet u-valign-middle-lg u-valign-middle-md u-valign-middle-sm u-valign-middle-xs u-sheet-1\">\n        <div class=\"u-align-left u-opacity u-opacity-60 u-palette-3-base u-right-0 u-shape u-shape-1\"><\/div>\n        <div class=\"data-layout-selected u-clearfix u-layout-wrap u-layout-wrap-1\">\n          <div class=\"u-layout\">\n            <div class=\"u-layout-row\">\n              <div class=\"u-align-center u-container-align-center u-container-style u-hidden-sm u-hidden-xs u-layout-cell u-left-cell u-size-5 u-layout-cell-1\">\n                <div class=\"u-container-layout u-valign-middle u-container-layout-1\">\n                  <div class=\"u-align-left u-border-16 u-border-custom-color-1 u-left-0 u-line u-line-vertical u-line-1\"><\/div>\n                <\/div>\n              <\/div>\n              <div class=\"u-container-style u-layout-cell u-right-cell u-size-55 u-layout-cell-2\">\n                <div class=\"u-container-layout u-valign-middle u-container-layout-2\">\n                  <h2 class=\"u-text u-text-1\"> FABRICACI\u00d3N DE VENTANAS DE MADERA:<\/h2>\n                  <ul class=\"u-text u-text-2\">\n                    <li><span style=\"font-size: 1.25rem; font-weight: 700;\"> Explora el Mundo de las Ventanas: Dise\u00f1o, Funcionalidad y Creatividad a Tu Alcance<\/span>\n                    <\/li>\n                    <li> Desde dise\u00f1os tradicionales hasta innovaciones vanguardistas, las ventanas de madera se adaptan a tus necesidades. Ya sea ganar espacio con puertas correderas o disfrutar de ventilaci\u00f3n constante con sistemas oscilobatientes\u00a1Descubre la ventana perfecta para cada espacio y prop\u00f3sito! <\/li>\n                  <\/ul>\n                <\/div>\n              <\/div>\n            <\/div>\n          <\/div>\n        <\/div>\n      <\/div>\n    <\/section>\n    <section class=\"u-clearfix u-white u-section-5\" id=\"sec-990c\">\n      <div class=\"u-clearfix u-sheet u-valign-middle-lg u-valign-middle-md u-valign-middle-sm u-valign-middle-xs u-sheet-1\">\n        <div class=\"u-align-left u-opacity u-opacity-60 u-palette-3-base u-right-0 u-shape u-shape-1\"><\/div>\n        <div class=\"data-layout-selected u-clearfix u-layout-wrap u-layout-wrap-1\">\n          <div class=\"u-layout\">\n            <div class=\"u-layout-row\">\n              <div class=\"u-align-center u-container-align-center u-container-style u-hidden-sm u-hidden-xs u-layout-cell u-left-cell u-size-5 u-layout-cell-1\">\n                <div class=\"u-container-layout u-valign-middle u-container-layout-1\">\n                  <div class=\"u-align-left u-border-16 u-border-custom-color-1 u-left-0 u-line u-line-vertical u-line-1\"><\/div>\n                <\/div>\n              <\/div>\n              <div class=\"u-container-style u-layout-cell u-right-cell u-size-55 u-layout-cell-2\">\n                <div class=\"u-container-layout u-valign-middle u-container-layout-2\">\n                  <h2 class=\"u-text u-text-1\"> OBRA NUEVA:<\/h2>\n                  <ul class=\"u-text u-text-2\">\n                    <li><span style=\"font-size: 1.25rem; font-weight: 700;\"> Construye tu Sue\u00f1o: Ventanas y Puertas de Madera a Medida para Tu Obra Nueva <\/span>\n                    <\/li>\n                    <li> Para tu nueva construcci\u00f3n, dise\u00f1a sin l\u00edmites. Personalizamos cada ventana seg\u00fan tu visi\u00f3n, desde estructuras panor\u00e1micas hasta detalles aut\u00e9nticos de madera. Acompa\u00f1a el dise\u00f1o con puertas a juego, asegurando una est\u00e9tica impecable. Tu hogar, tu lienzo, nuestra artesan\u00eda.Cada proyecto que nos encomienda se aborda con un enfoque personalizado y con un objetivo primordial: HACER REALIDAD LA VISI\u00d3N DE LA PERFECTA VENTANA PARA SU HOGAR. No hay limitaciones para sus elecciones.Usted y su arquitecto pueden explorar de forma creativa todas las posibilidades. Esta es la filosof\u00eda con la que dise\u00f1amos y construimos cada ventana de madera. Grandes estructuras que brindan una sensaci\u00f3n panor\u00e1mica, permitiendo vistas majestuosas y asegurando confort con la calidez y autenticidad de la madera.Para complementar, tambi\u00e9n ofrecemos puertas de entrada de madera que se adaptan perfectamente al dise\u00f1o y arquitectura de su espacio, garantizando una est\u00e9tica uniforme y elegante. Construye tu Sue\u00f1o: Ventanas y Puertas de Madera a Medida para Tu Obra Nueva <\/li>\n                  <\/ul>\n                <\/div>\n              <\/div>\n            <\/div>\n          <\/div>\n        <\/div>\n      <\/div>\n    <\/section>\n    <section class=\"u-clearfix u-white u-section-6\" id=\"sec-f1ca\">\n      <div class=\"u-clearfix u-sheet u-valign-middle-lg u-valign-middle-md u-valign-middle-sm u-sheet-1\">\n        <div class=\"u-align-left u-opacity u-opacity-60 u-palette-3-base u-right-0 u-shape u-shape-1\"><\/div>\n        <div class=\"data-layout-selected u-clearfix u-layout-wrap u-layout-wrap-1\">\n          <div class=\"u-layout\">\n            <div class=\"u-layout-row\">\n              <div class=\"u-align-center u-container-align-center u-container-style u-hidden-sm u-hidden-xs u-layout-cell u-left-cell u-size-5 u-layout-cell-1\">\n                <div class=\"u-container-layout u-valign-middle u-container-layout-1\">\n                  <div class=\"u-align-left u-border-16 u-border-custom-color-1 u-left-0 u-line u-line-vertical u-line-1\"><\/div>\n                <\/div>\n              <\/div>\n              <div class=\"u-container-style u-layout-cell u-right-cell u-size-55 u-layout-cell-2\">\n                <div class=\"u-container-layout u-valign-middle u-container-layout-2\">\n                  <h2 class=\"u-text u-text-1\"> RENOVACI\u00d3N:<\/h2>\n                  <ul class=\"u-text u-text-2\">\n                    <li><span style=\"font-size: 1.25rem;\"> Transforma tu espacio con ventanas dise\u00f1adas para la renovaci\u00f3n. Combinamos la tradici\u00f3n de la madera con innovaciones como doble vidrio y persianas, asegurando confort y protecci\u00f3n clim\u00e1tica. Nuestros sistemas con triple junta de goma optimizan el aislamiento, brindando calidad duradera a precios accesibles.\u200bConstruye tu Sue\u00f1o: Ventanas y Puertas de Madera a Medida para Tu Obra Nueva\u200b.<\/span>\n                    <\/li>\n                    <li> T\u00edpicamente, nuestros dise\u00f1os son vers\u00e1tiles y adecuados para proyectos de renovaci\u00f3n. No obstante, contamos con sistemas exclusivos dise\u00f1ados especialmente para optimizaciones en eficiencia energ\u00e9tica. A partir de la combinaci\u00f3n experta entre una ventana de madera tradicional y sus complementos como dobles vidrios, persianas y contraventanas.Experimenta la calidez y confort que solo la madera puede ofrecer, cerramientos dise\u00f1ados para salvaguardar contra las adversidades del clima. Quienes buscan renovar su vivienda pueden acceder a ventanas de excelencia y durabilidad a precios comparables con nuestros sistemas tradicionales de ventanas de madera. Nuestros cerramientos con triple junta de goma, han sido dise\u00f1ados&nbsp;espec\u00edficamente para mejorar el aislamiento y confort en su reforma.<\/li>\n                  <\/ul>\n                <\/div>\n              <\/div>\n            <\/div>\n          <\/div>\n        <\/div>\n      <\/div>\n    <\/section>\n    <section class=\"u-clearfix u-white u-section-7\" id=\"sec-ef1b\">\n      <div class=\"u-clearfix u-sheet u-valign-middle-lg u-valign-middle-md u-valign-middle-sm u-valign-middle-xs u-sheet-1\">\n        <div class=\"u-align-left u-opacity u-opacity-60 u-palette-3-base u-right-0 u-shape u-shape-1\"><\/div>\n        <div class=\"data-layout-selected u-clearfix u-layout-wrap u-layout-wrap-1\">\n          <div class=\"u-layout\">\n            <div class=\"u-layout-row\">\n              <div class=\"u-align-center u-container-align-center u-container-style u-hidden-sm u-hidden-xs u-layout-cell u-left-cell u-size-5 u-layout-cell-1\">\n                <div class=\"u-container-layout u-valign-middle u-container-layout-1\">\n                  <div class=\"u-align-left u-border-16 u-border-custom-color-1 u-left-0 u-line u-line-vertical u-line-1\"><\/div>\n                <\/div>\n              <\/div>\n              <div class=\"u-container-style u-layout-cell u-right-cell u-size-55 u-layout-cell-2\">\n                <div class=\"u-container-layout u-valign-middle u-container-layout-2\">\n                  <h2 class=\"u-text u-text-1\"> PRESERVACI\u00d3N DE EDIFICIOS PATRIMONIALES E HIST\u00d3RICOS&nbsp;:<\/h2>\n                  <ul class=\"u-text u-text-2\">\n                    <li><span style=\"font-size: 1.25rem; font-weight: 700;\"> Uniendo Historia y Modernidad: \u00a1Ventanas y Balcones para Edificios Patrimoniales! <\/span>\n                    <\/li>\n                    <li> Preserva la esencia de edificios hist\u00f3ricos con ventanas y balcones que emulan dise\u00f1os cl\u00e1sicos y t\u00e9cnicas centenarias. A la vez, benef\u00edciate de la eficiencia energ\u00e9tica moderna, gracias a nuestro doble acristalamiento. Respeto por la tradici\u00f3n, innovaci\u00f3n para el presente.Es esencial que, est\u00e9ticamente, nuestras&nbsp;ventanas y balcones se integren armoniosamente al entorno hist\u00f3rico. Esto significa que el dise\u00f1o, el perfil y la forma deben ser coherentes y respetuosos con la arquitectura tradicional, emulando t\u00e9cnicas de fabricaci\u00f3n que han perdurado por siglos (como ventanas cl\u00e1sicas de \u00e9poca, cuarterones y contraventanas internas).Adem\u00e1s, estos sistemas modernos proporcionan una notable mejora en eficiencia energ\u00e9tica en comparaci\u00f3n con las antiguas ventanas simples, que permit\u00edan la entrada y salida no deseada de corrientes de aire.Nuestros sistemas de ventanas&nbsp;han sido dise\u00f1ados espec\u00edficamente para combinar la esencia hist\u00f3rica que deseamos preservar con la innovaci\u00f3n de un doble acristalamiento aislante.<\/li>\n                  <\/ul>\n                <\/div>\n              <\/div>\n            <\/div>\n          <\/div>\n        <\/div>\n      <\/div>\n    <\/section>\n    <section class=\"u-clearfix u-white u-section-8\" id=\"sec-d7bf\">\n      <div class=\"u-clearfix u-sheet u-valign-middle-lg u-valign-middle-md u-valign-middle-sm u-sheet-1\">\n        <div class=\"u-align-left u-opacity u-opacity-60 u-palette-3-base u-right-0 u-shape u-shape-1\"><\/div>\n        <div class=\"data-layout-selected u-clearfix u-layout-wrap u-layout-wrap-1\">\n          <div class=\"u-layout\" style=\"\">\n            <div class=\"u-layout-row\" style=\"\">\n              <div class=\"u-align-center u-container-align-center u-container-style u-hidden-sm u-hidden-xs u-layout-cell u-left-cell u-size-5 u-layout-cell-1\">\n                <div class=\"u-container-layout u-valign-middle u-container-layout-1\">\n                  <div class=\"u-align-left u-border-16 u-border-custom-color-1 u-left-0 u-line u-line-vertical u-line-1\"><\/div>\n                <\/div>\n              <\/div>\n              <div class=\"u-container-style u-layout-cell u-right-cell u-size-55 u-layout-cell-2\">\n                <div class=\"u-container-layout u-valign-middle u-container-layout-2\">\n                  <h2 class=\"u-text u-text-1\"> VENTANAS DE MADERA&nbsp;:<\/h2>\n                  <ul class=\"u-text u-text-2\">\n                    <li><span style=\"font-size: 1.25rem;\"> Ventanas de Madera de Perfil Europeo y Castellanas. Precios directos de fabrica <\/span>\n                    <\/li>\n                    <li style=\"\"> \u00bfBuscas ventanas de madera de perfil europeo?<br>Ponte en contacto con nosotros hoy mismo en el \u200b647 46 25 33&nbsp; por WhatsApp o llam\u00e1ndonos&nbsp;para obtener m\u00e1s informaci\u00f3n. \n                    <\/li>\n                  <\/ul>\n                <\/div>\n              <\/div>\n            <\/div>\n          <\/div>\n        <\/div>\n      <\/div>\n    <\/section>\n    <section class=\"u-clearfix u-white u-section-9\" id=\"sec-a10a\">\n      <div class=\"u-clearfix u-sheet u-valign-middle-lg u-valign-middle-md u-valign-middle-sm u-sheet-1\">\n        <div class=\"u-align-left u-opacity u-opacity-60 u-palette-3-base u-right-0 u-shape u-shape-1\"><\/div>\n        <div class=\"data-layout-selected u-clearfix u-layout-wrap u-layout-wrap-1\">\n          <div class=\"u-layout\">\n            <div class=\"u-layout-row\">\n              <div class=\"u-align-center u-container-align-center u-container-style u-hidden-sm u-hidden-xs u-layout-cell u-left-cell u-size-5 u-layout-cell-1\">\n                <div class=\"u-container-layout u-valign-middle u-container-layout-1\">\n                  <div class=\"u-align-left u-border-16 u-border-custom-color-1 u-left-0 u-line u-line-vertical u-line-1\"><\/div>\n                <\/div>\n              <\/div>\n              <div class=\"u-container-style u-layout-cell u-right-cell u-size-55 u-layout-cell-2\">\n                <div class=\"u-container-layout u-valign-middle u-container-layout-2\">\n                  <h2 class=\"u-text u-text-1\"> Caracter\u00edsticas de alta calidad:<\/h2>\n                  <ul class=\"u-text u-text-2\">\n                    <li><span style=\"font-size: 1.25rem; font-weight: 700;\"> Detalles T\u00e9cnicos:<\/span>\n                    <\/li>\n                    <li>Maderas disponibles - Pino, Iroko, Mobila, Fresno<\/li>\n                    <li> Composici\u00f3n interna - Madera Maciza o Laminada <\/li>\n                    <li> Ajuste herm\u00e9tico - TRIPLE junta de goma <\/li>\n                    <li> Burlete - en Marco y Hoja <\/li>\n                    <li> Falleba - Embutida <\/li>\n                    <li> Pernios - Regulables de 4 patas <\/li>\n                    <li> Manetas - Incluidas <\/li>\n                    <li> Herrajes color - Negro, Plata, Dorado o Envejecido <\/li>\n                    <li> Marco directo - 90x70 mm <\/li>\n                    <li> Grosor de hoja - 68 mm <\/li>\n                    <li><span style=\"font-weight: 700;\">Estas ventanas de primera calidad est\u00e1n fabricadas con maderas macizas y laminadas si lo solicita.Los modelos, de estilo europeo, pueden personalizarse para adaptarse a cualquier tama\u00f1o.&nbsp;<\/span>\n                    <\/li>\n                    <li><span style=\"font-weight: 700;\">Son perfectas para todo tipo de edificios, ya sean de est\u00e9tica r\u00fastica, moderna o funcional.<br>Adem\u00e1s, cuentan con un cierre herm\u00e9tico gracias a una triple junta de goma en el marco y en la hoja, as\u00ed como una falleba embutida.<\/span>\n                    <\/li>\n                  <\/ul>\n                <\/div>\n              <\/div>\n            <\/div>\n          <\/div>\n        <\/div>\n      <\/div>\n    <\/section>\n    <section class=\"u-clearfix u-white u-section-10\" id=\"sec-8fb5\">\n      <div class=\"u-clearfix u-sheet u-valign-middle-lg u-valign-middle-md u-valign-middle-sm u-valign-middle-xs u-sheet-1\">\n        <div class=\"u-align-left u-opacity u-opacity-60 u-palette-3-base u-right-0 u-shape u-shape-1\"><\/div>\n        <div class=\"data-layout-selected u-clearfix u-layout-wrap u-layout-wrap-1\">\n          <div class=\"u-layout\" style=\"\">\n            <div class=\"u-layout-row\" style=\"\">\n              <div class=\"u-align-center u-container-align-center u-container-style u-hidden-sm u-hidden-xs u-layout-cell u-left-cell u-size-5 u-layout-cell-1\">\n                <div class=\"u-container-layout u-valign-middle u-container-layout-1\">\n                  <div class=\"u-align-left u-border-16 u-border-custom-color-1 u-left-0 u-line u-line-vertical u-line-1\"><\/div>\n                <\/div>\n              <\/div>\n              <div class=\"u-container-style u-layout-cell u-right-cell u-size-55 u-layout-cell-2\">\n                <div class=\"u-container-layout u-valign-middle u-container-layout-2\">\n                  <h2 class=\"u-text u-text-1\"> Tipos de ventanas:<\/h2>\n                  <p class=\"u-text u-text-2\">En nuestro cat\u00e1logo destacan dos series: la Serie Eco y la Serie CE de Ventanas R\u00fasticas de Madera.<br>La&nbsp;Serie Eco&nbsp;ejemplifica el estilo artesanal tradicional, con herrajes superficiales y cristales sencillos en su construcci\u00f3n.Por su parte, la&nbsp;Serie CE&nbsp;se distingue por sus juntas de goma, su doble acristalamiento Climalit y la inserci\u00f3n de herrajes dentro del perfil de madera. \n                  <\/p>\n                <\/div>\n              <\/div>\n            <\/div>\n          <\/div>\n        <\/div>\n      <\/div>\n    <\/section>\n    <section class=\"u-clearfix u-white u-section-11\" id=\"sec-57de\">\n      <div class=\"u-clearfix u-sheet u-valign-middle-lg u-valign-middle-md u-valign-middle-sm u-valign-middle-xs u-sheet-1\">\n        <div class=\"u-align-left u-opacity u-opacity-60 u-palette-3-base u-right-0 u-shape u-shape-1\"><\/div>\n        <div class=\"data-layout-selected u-clearfix u-layout-wrap u-layout-wrap-1\">\n          <div class=\"u-layout\" style=\"\">\n            <div class=\"u-layout-row\" style=\"\">\n              <div class=\"u-align-center u-container-align-center u-container-style u-hidden-sm u-hidden-xs u-layout-cell u-left-cell u-size-5 u-layout-cell-1\">\n                <div class=\"u-container-layout u-valign-middle u-container-layout-1\">\n                  <div class=\"u-align-left u-border-16 u-border-custom-color-1 u-left-0 u-line u-line-vertical u-line-1\"><\/div>\n                <\/div>\n              <\/div>\n              <div class=\"u-container-style u-layout-cell u-right-cell u-size-55 u-layout-cell-2\">\n                <div class=\"u-container-layout u-valign-middle u-container-layout-2\">\n                  <h2 class=\"u-text u-text-1\"> Precios y opciones de personalizaci\u00f3n:<\/h2>\n                  <p class=\"u-text u-text-2\">En nuestro cat\u00e1logo destacan dos series: la Serie Eco y la Serie CE de Ventanas R\u00fasticas de Madera.La&nbsp;Serie Eco&nbsp;ejemplifica el estilo artesanal tradicional, con herrajes superficiales y cristales sencillos en su construcci\u00f3n.Por su parte, la&nbsp;Serie CE&nbsp;se distingue por sus juntas de goma, su doble acristalamiento Climalit y la inserci\u00f3n de herrajes dentro del perfil de madera.<br><span style=\"font-weight: 700;\">Ofrecemos presupuestos y precios directos de f\u00e1brica.<br>El precio depender\u00e1 de las unidades, la madera, acabados y complementos.<br>Tambi\u00e9n podemos ofrecer instalaci\u00f3n.<br>Opci\u00f3n de apertura oscilobatiente,<br>Los cristales no est\u00e1n incluidos, pero ofrecemos la instalaci\u00f3n de cristales Climalit como opci\u00f3n adicional.<\/span>\n                  <\/p>\n                <\/div>\n              <\/div>\n            <\/div>\n          <\/div>\n        <\/div>\n      <\/div>\n    <\/section>\n    <section class=\"u-clearfix u-white u-section-12\" id=\"sec-191c\">\n      <div class=\"u-clearfix u-sheet u-valign-middle-lg u-valign-middle-md u-valign-middle-sm u-sheet-1\">\n        <div class=\"u-align-left u-opacity u-opacity-60 u-palette-3-base u-right-0 u-shape u-shape-1\"><\/div>\n        <div class=\"data-layout-selected u-clearfix u-layout-wrap u-layout-wrap-1\">\n          <div class=\"u-layout\" style=\"\">\n            <div class=\"u-layout-row\" style=\"\">\n              <div class=\"u-align-center u-container-align-center u-container-style u-hidden-sm u-hidden-xs u-layout-cell u-left-cell u-size-5 u-layout-cell-1\">\n                <div class=\"u-container-layout u-valign-middle u-container-layout-1\">\n                  <div class=\"u-align-left u-border-16 u-border-custom-color-1 u-left-0 u-line u-line-vertical u-line-1\"><\/div>\n                <\/div>\n              <\/div>\n              <div class=\"u-container-style u-layout-cell u-right-cell u-size-55 u-layout-cell-2\">\n                <div class=\"u-container-layout u-valign-middle u-container-layout-2\">\n                  <h2 class=\"u-text u-text-1\"> Fabricaci\u00f3n a medida de alta calidad:<\/h2>\n                  <ul class=\"u-text u-text-2\">\n                    <li> Fabricamos ventanas a medida a partir de madera de Pino, Iroko, Mobila, Fresno, etc. de la mejor calidad. <\/li>\n                    <li> Cuentan con un sexto larguero central encastrado en la hoja a modo de bord\u00f3n de cierre, marco de 90x70 cm y hojas de 70 mm, gomas de neopreno en hoja y marco. <\/li>\n                    <li> Adem\u00e1s, est\u00e1n barnizadas al agua con un tratamiento para la madera con anti-\u00e1caros y fungicida en el color que se desee. Los cristales son de Climalit 4\/12\/6 con junta de goma para sellar. <\/li>\n                    <li> Incorporan pernios graduables en altura y anchura, falleba oculta, y manillas disponibles en color negro, dorado y plata (consultar disponibilidad en otros colores). <\/li>\n                    <li> Son una opci\u00f3n de alta calidad y versatilidad, que ofrece una est\u00e9tica atractiva y durabilidad. Con opciones de personalizaci\u00f3n y fabricaci\u00f3n a medida, puedes encontrar la ventana perfecta para tu hogar o edificio. <\/li>\n                    <li> Ofrecen una belleza y durabilidad incomparables, y vienen en una variedad de estilos y precios para adaptarse a cualquier presupuesto. <\/li>\n                    <li> Si est\u00e1s buscando mejorar la apariencia de tu hogar, las ventanas de madera podr\u00edan ser la soluci\u00f3n perfecta. <\/li>\n                  <\/ul>\n                <\/div>\n              <\/div>\n            <\/div>\n          <\/div>\n        <\/div>\n      <\/div>\n    <\/section>\n    <section class=\"u-clearfix u-white u-section-13\" id=\"sec-942f\">\n      <div class=\"u-clearfix u-sheet u-valign-middle-lg u-valign-middle-md u-valign-middle-sm u-valign-middle-xs u-sheet-1\">\n        <div class=\"u-align-left u-opacity u-opacity-60 u-palette-3-base u-right-0 u-shape u-shape-1\"><\/div>\n        <div class=\"data-layout-selected u-clearfix u-layout-wrap u-layout-wrap-1\">\n          <div class=\"u-layout\" style=\"\">\n            <div class=\"u-layout-row\" style=\"\">\n              <div class=\"u-align-center u-container-align-center u-container-style u-hidden-sm u-hidden-xs u-layout-cell u-left-cell u-size-5 u-layout-cell-1\">\n                <div class=\"u-container-layout u-valign-middle u-container-layout-1\">\n                  <div class=\"u-align-left u-border-16 u-border-custom-color-1 u-left-0 u-line u-line-vertical u-line-1\"><\/div>\n                <\/div>\n              <\/div>\n              <div class=\"u-container-style u-layout-cell u-right-cell u-size-55 u-layout-cell-2\">\n                <div class=\"u-container-layout u-valign-middle u-container-layout-2\">\n                  <h2 class=\"u-text u-text-1\"> Preguntas frecuentes:<\/h2>\n                  <p class=\"u-text u-text-2\"><span style=\"font-weight: 700;\"> \u00bf<\/span><span style=\"font-weight: 700;\">Qu\u00e9 tipos de madera se utilizan para fabricarlas?<\/span>\n                    <br>Utilizamos madera de Pino, Iroko, Mobila, Fresno, etc. de la mejor calidad.<br>&nbsp;<span style=\"font-weight: 700;\">\u00bf<\/span><span style=\"font-weight: 700;\">Se pueden personalizar?<\/span>\n                    <br>S\u00ed, ofrecemos fabricaci\u00f3n a medida y diversas opciones de personalizaci\u00f3n.<br>&nbsp;<span style=\"font-weight: 700;\">\u00bfCu\u00e1nto cuestan?<\/span>\n                    <br>El precio&nbsp;puede variar dependiendo de la serie (Eco y CE) del tipo de madera, el tama\u00f1o de la ventana y el dise\u00f1o.<br>&nbsp;<span style=\"font-weight: 700;\">\u00bfSon duraderas?<\/span>\n                    <br>S\u00ed, la madera es conocida&nbsp;por su durabilidad, pueden durar muchos a\u00f1os con el mantenimiento adecuado.<br>&nbsp;<span style=\"font-weight: 700;\">\u00bfPuedo personalizar el color?<\/span>\n                    <br>S\u00ed, las ventanas&nbsp;&nbsp;se pueden pintar o te\u00f1ir en cualquier color para adaptarse a tu decoraci\u00f3n.<br>&nbsp;<span style=\"font-weight: 700;\">\u00bfSon buenas para el aislamiento?<\/span>\n                    <br>S\u00ed, proporcionan un excelente aislamiento natural y pueden ayudar a mantener tu hogar c\u00e1lido en invierno y fresco en verano.<br>&nbsp;<span style=\"font-weight: 700;\">\u00bfC\u00f3mo est\u00e1n hechas?<\/span>\n                    <br>Se hacen&nbsp;usando t\u00e9cnicas tradicionales y maderas de alta calidad para asegurar un producto de larga duraci\u00f3n. \n                  <\/p>\n                <\/div>\n              <\/div>\n            <\/div>\n          <\/div>\n        <\/div>\n      <\/div>\n    <\/section>\n    <section class=\"u-clearfix u-white u-section-14\" id=\"sec-ec64\">\n      <div class=\"u-clearfix u-sheet u-valign-middle-lg u-valign-middle-md u-valign-middle-sm u-valign-middle-xs u-sheet-1\">\n        <div class=\"u-align-left u-opacity u-opacity-60 u-palette-3-base u-right-0 u-shape u-shape-1\"><\/div>\n        <div class=\"data-layout-selected u-clearfix u-layout-wrap u-layout-wrap-1\">\n          <div class=\"u-layout\" style=\"\">\n            <div class=\"u-layout-row\" style=\"\">\n              <div class=\"u-align-center u-container-align-center u-container-style u-hidden-sm u-hidden-xs u-layout-cell u-left-cell u-size-5 u-layout-cell-1\">\n                <div class=\"u-container-layout u-valign-middle u-container-layout-1\">\n                  <div class=\"u-align-left u-border-16 u-border-custom-color-1 u-left-0 u-line u-line-vertical u-line-1\"><\/div>\n                <\/div>\n              <\/div>\n              <div class=\"u-container-style u-layout-cell u-right-cell u-size-55 u-layout-cell-2\">\n                <div class=\"u-container-layout u-valign-middle u-container-layout-2\">\n                  <h2 class=\"u-text u-text-1\"><span class=\"u-text-black\"> Puertas de interior blancas<\/span>: \n                  <\/h2>\n                  <p class=\"u-text u-text-2\"><span style=\"font-weight: 700;\"><\/span>Puertas lacadas en blanco con 4 capas de lacado. Busque siempre calidad, no se gu\u00ede s\u00f3lo por el precio.Promoci\u00f3n,&nbsp;Calidad y Ahorro es posible. Desde 150\u20ac!!!&nbsp;no deje pasar esta oportunidad.<br>\n                    <br>Puerta maciza fabricada en DM, y lacada en blanco.&nbsp;<br>Con canto de madera maciza. Se sirve en sistema block, con 4 bisagras, picaporte de petaca y tapeta de 70 x 12\/10.&nbsp;<br>Resistente a golpes, rayaduras y roces.Medidas estandar:<br>- 191 \/ 203 \/ 211 X 42,5 X 3,5 cm<br>- 191 \/ 203 \/ 211 X 62,5 X 3,5 cm<br>- 191 \/ 203 \/ 211 X 72,5 X 3,5 cm<br>- 191 \/ 203 \/ 211 X 82,5 X 3,5 cm<br>- 191 \/ 203 \/ 211 X 92,5 X 3,5 cm<br>Colores disponibles en stock:<br>- Lacado Blanco \n                  <\/p>\n                <\/div>\n              <\/div>\n            <\/div>\n          <\/div>\n        <\/div>\n      <\/div>\n    <\/section>\n    <section class=\"u-clearfix u-white u-section-15\" id=\"sec-bca6\">\n      <div class=\"u-clearfix u-sheet u-valign-middle-lg u-valign-middle-md u-valign-middle-sm u-valign-middle-xs u-sheet-1\">\n        <div class=\"u-align-left u-opacity u-opacity-60 u-palette-3-base u-right-0 u-shape u-shape-1\"><\/div>\n        <div class=\"data-layout-selected u-clearfix u-layout-wrap u-layout-wrap-1\">\n          <div class=\"u-layout\" style=\"\">\n            <div class=\"u-layout-row\" style=\"\">\n              <div class=\"u-align-center u-container-align-center u-container-style u-hidden-sm u-hidden-xs u-layout-cell u-left-cell u-size-5 u-layout-cell-1\">\n                <div class=\"u-container-layout u-valign-middle u-container-layout-1\">\n                  <div class=\"u-align-left u-border-16 u-border-custom-color-1 u-left-0 u-line u-line-vertical u-line-1\"><\/div>\n                <\/div>\n              <\/div>\n              <div class=\"u-container-style u-layout-cell u-right-cell u-size-55 u-layout-cell-2\">\n                <div class=\"u-container-layout u-valign-bottom-xl u-valign-middle-lg u-valign-middle-md u-valign-middle-sm u-valign-middle-xs u-container-layout-2\">\n                  <h2 class=\"u-text u-text-1\"><span class=\"u-text-black\"> Balcones de madera<\/span>: \n                  <\/h2>\n                  <p class=\"u-text u-text-2\"><span style=\"font-weight: 700;\"><\/span>\u00a1<span style=\"font-weight: 700;\">Balcones de Madera de Primera Calidad Te Est\u00e1n Esperando!<br>\u00bfSue\u00f1as con un balc\u00f3n de madera \u00fanico y personalizado?<\/span><span style=\"font-weight: 700;\">\n                      <br>Est\u00e1s en el lugar correcto.<\/span>\n                    <br>\n                    <br>Nuestros balcones est\u00e1n meticulosamente tallados en maderas de pino o iroko, y ofrecemos precios asequibles.<br>Cont\u00e1ctanos&nbsp;en el&nbsp;\u200b647462533&nbsp;o via WhatsApp.<br>Estamos aqu\u00ed para ayudarte a dar vida a tu visi\u00f3n.D\u00e9jate cautivar por nuestros balcones de madera de&nbsp;alta calidad.<br>Son ideales para cualquier estilo de edificio, ya sea r\u00fastico, funcional o moderno.<br>Y no importa las dimensiones que necesites,&nbsp;\u00a1podemos fabricarlo!&nbsp;.<br>Adem\u00e1s, realizamos env\u00edos a toda Espa\u00f1a.Adem\u00e1s de su belleza, nuestros balcones son tambi\u00e9n muy pr\u00e1cticos.<br>Cada balc\u00f3n est\u00e1 dise\u00f1ado con un ajuste herm\u00e9tico y doble junta de goma,<br>tanto en el marco como en la hoja, asegurando una instalaci\u00f3n segura y duradera.&nbsp;Y si te preguntas sobre el precio final, no te preocupes.<br>Te ofrecemos un&nbsp;presupuesto gratuito y sin compromiso.<br>As\u00ed, podr\u00e1s tomar la decisi\u00f3n con tranquilidad.\u00a1No esperes m\u00e1s!<br>Convierte tu sue\u00f1o en realidad y ponle un toque personal a tu edificio con nuestros balcones de madera de alta calidad.<br>\u00a1Esperamos tu llamada o mensaje 647462533! \n                  <\/p>\n                <\/div>\n              <\/div>\n            <\/div>\n          <\/div>\n        <\/div>\n      <\/div>\n    <\/section>\n    <section class=\"u-clearfix u-white u-section-16\" id=\"sec-4d29\">\n      <div class=\"u-clearfix u-sheet u-valign-middle-lg u-valign-middle-md u-valign-middle-sm u-sheet-1\">\n        <div class=\"u-align-left u-opacity u-opacity-60 u-palette-3-base u-right-0 u-shape u-shape-1\"><\/div>\n        <div class=\"data-layout-selected u-clearfix u-layout-wrap u-layout-wrap-1\">\n          <div class=\"u-layout\" style=\"\">\n            <div class=\"u-layout-row\" style=\"\">\n              <div class=\"u-align-center u-container-align-center u-container-style u-hidden-sm u-hidden-xs u-layout-cell u-left-cell u-size-5 u-layout-cell-1\">\n                <div class=\"u-container-layout u-valign-middle u-container-layout-1\">\n                  <div class=\"u-align-left u-border-16 u-border-custom-color-1 u-left-0 u-line u-line-vertical u-line-1\"><\/div>\n                <\/div>\n              <\/div>\n              <div class=\"u-container-style u-layout-cell u-right-cell u-size-55 u-layout-cell-2\">\n                <div class=\"u-container-layout u-valign-bottom-xl u-valign-middle-lg u-valign-middle-md u-valign-middle-sm u-valign-middle-xs u-container-layout-2\">\n                  <h2 class=\"u-text u-text-1\"><span class=\"u-text-black\"> Calidad y Belleza en Tu Balc\u00f3n:&nbsp;<br>Las Maderas Macizas de Pino e Iroko<br>El Encanto de un Balc\u00f3n<\/span>: \n                  <\/h2>\n                  <p class=\"u-text u-text-2\"><span style=\"font-weight: 700;\"><\/span>\u00a1<span style=\"font-weight: 700;\">Balcones de Madera de Primera Calidad Te Est\u00e1n Esperando!<br>\u00bfSue\u00f1as con un balc\u00f3n de madera \u00fanico y personalizado?<\/span><span style=\"font-weight: 700;\">\n                      <br>Est\u00e1s en el lugar correcto.<\/span>\n                    <br>\n                    <br>Nuestros balcones est\u00e1n meticulosamente tallados en maderas de pino o iroko, y ofrecemos precios asequibles.<br>Cont\u00e1ctanos&nbsp;en el&nbsp;\u200b647462533&nbsp;o via WhatsApp.<br>Estamos aqu\u00ed para ayudarte a dar vida a tu visi\u00f3n.D\u00e9jate cautivar por nuestros balcones de madera de&nbsp;alta calidad.<br>Son ideales para cualquier estilo de edificio, ya sea r\u00fastico, funcional o moderno.<br>Y no importa las dimensiones que necesites,&nbsp;\u00a1podemos fabricarlo!&nbsp;.<br>Adem\u00e1s, realizamos env\u00edos a toda Espa\u00f1a.Adem\u00e1s de su belleza, nuestros balcones son tambi\u00e9n muy pr\u00e1cticos.<br>Cada balc\u00f3n est\u00e1 dise\u00f1ado con un ajuste herm\u00e9tico y doble junta de goma,<br>tanto en el marco como en la hoja, asegurando una instalaci\u00f3n segura y duradera.&nbsp;Y si te preguntas sobre el precio final, no te preocupes.<br>Te ofrecemos un&nbsp;presupuesto gratuito y sin compromiso.<br>As\u00ed, podr\u00e1s tomar la decisi\u00f3n con tranquilidad.\u00a1No esperes m\u00e1s!<br>Convierte tu sue\u00f1o en realidad y ponle un toque personal a tu edificio con nuestros balcones de madera de alta calidad.<br>\u00a1Esperamos tu llamada o mensaje 647462533! \n                  <\/p>\n                <\/div>\n              <\/div>\n            <\/div>\n          <\/div>\n        <\/div>\n      <\/div>\n    <\/section>\n    <section class=\"u-clearfix u-white u-section-17\" id=\"sec-cba2\">\n      <div class=\"u-clearfix u-sheet u-valign-middle-lg u-valign-middle-md u-valign-middle-sm u-sheet-1\">\n        <div class=\"u-align-left u-opacity u-opacity-60 u-palette-3-base u-right-0 u-shape u-shape-1\"><\/div>\n        <div class=\"data-layout-selected u-clearfix u-layout-wrap u-layout-wrap-1\">\n          <div class=\"u-layout\" style=\"\">\n            <div class=\"u-layout-row\" style=\"\">\n              <div class=\"u-align-center u-container-align-center u-container-style u-hidden-sm u-hidden-xs u-layout-cell u-left-cell u-size-5 u-layout-cell-1\">\n                <div class=\"u-container-layout u-valign-middle u-container-layout-1\">\n                  <div class=\"u-align-left u-border-16 u-border-custom-color-1 u-left-0 u-line u-line-vertical u-line-1\"><\/div>\n                <\/div>\n              <\/div>\n              <div class=\"u-container-style u-layout-cell u-right-cell u-size-55 u-layout-cell-2\">\n                <div class=\"u-container-layout u-valign-middle-lg u-valign-middle-md u-valign-middle-sm u-valign-middle-xs u-container-layout-2\">\n                  <h2 class=\"u-text u-text-1\">\n                    <font color=\"#000000\">Las Bellezas del Pino<\/font>: \n                  <\/h2>\n                  <p class=\"u-text u-text-2\"><span style=\"font-weight: 700;\"><\/span>El pino, conocido por su&nbsp;resistencia y durabilidad, aporta un encanto r\u00fastico a cualquier balc\u00f3n.Adem\u00e1s, su&nbsp;tonalidad c\u00e1lida&nbsp;complementa a la perfecci\u00f3n cualquier dise\u00f1o de interiores, desde el m\u00e1s moderno hasta el m\u00e1s cl\u00e1sico.<br><span style=\"font-weight: 700;\">El Elegante Iroko:<\/span>\n                    <br>Por otro lado, el Iroko, con su&nbsp;grano distintivo y su lujosa apariencia, da un toque de sofisticaci\u00f3n.<br>Esta madera de alta calidad es ideal para aquellos que buscan una est\u00e9tica moderna y elegante para su balc\u00f3n.<br><span style=\"font-weight: 700;\">Modelo Europeo:<\/span>&nbsp;<br>Versatilidad en Cualquier MedidaEl dise\u00f1o europeo se caracteriza por su versatilidad.<br>\n                    <br><span style=\"font-weight: 700;\">\u00bf<\/span><span style=\"font-weight: 700;\">Buscas un balc\u00f3n peque\u00f1o y acogedor para tu apartamento en la ciudad o un balc\u00f3n espacioso para tu casa en el campo?<\/span>\n                    <br>No hay problema. Podemos&nbsp;fabricar&nbsp;balcones en&nbsp;cualquier medida&nbsp;que desees. \n                  <\/p>\n                <\/div>\n              <\/div>\n            <\/div>\n          <\/div>\n        <\/div>\n      <\/div>\n    <\/section>\n    <section class=\"u-clearfix u-white u-section-18\" id=\"sec-a440\">\n      <div class=\"u-clearfix u-sheet u-valign-middle-lg u-valign-middle-md u-valign-middle-sm u-sheet-1\">\n        <div class=\"u-align-left u-opacity u-opacity-60 u-palette-3-base u-right-0 u-shape u-shape-1\"><\/div>\n        <div class=\"data-layout-selected u-clearfix u-layout-wrap u-layout-wrap-1\">\n          <div class=\"u-layout\" style=\"\">\n            <div class=\"u-layout-row\" style=\"\">\n              <div class=\"u-align-center u-container-align-center u-container-style u-hidden-sm u-hidden-xs u-layout-cell u-left-cell u-size-5 u-layout-cell-1\">\n                <div class=\"u-container-layout u-valign-middle u-container-layout-1\">\n                  <div class=\"u-align-left u-border-16 u-border-custom-color-1 u-left-0 u-line u-line-vertical u-line-1\"><\/div>\n                <\/div>\n              <\/div>\n              <div class=\"u-container-style u-layout-cell u-right-cell u-size-55 u-layout-cell-2\">\n                <div class=\"u-container-layout u-valign-middle-lg u-valign-middle-md u-valign-middle-sm u-valign-middle-xs u-container-layout-2\">\n                  <h2 class=\"u-text u-text-1\">\n                    <font color=\"#000000\">La Importancia de Ajuste Herm\u00e9tico<\/font>: \n                  <\/h2>\n                  <p class=\"u-text u-text-2\">Un balc\u00f3n bien ajustado no solo mejora su funcionalidad, sino tambi\u00e9n su&nbsp;eficiencia energ\u00e9tica.Con la doble&nbsp;junta de goma burlete en el marco y en la hoja, puedes estar seguro de que tu balc\u00f3n estar\u00e1 bien&nbsp;sellado contra las inclemencias del tiempo.<br>&nbsp;<span style=\"font-weight: 700;\">E<\/span><span style=\"font-weight: 700;\">l Marco Perfecto de 90 x 70 cm<\/span>\n                    <br>Este marco directo de 90 x 70 es ideal para balcones de todos los tama\u00f1os.Su robustez y resistencia aseguran que tu balc\u00f3n estar\u00e1 listo para resistir todo tipo de condiciones clim\u00e1ticas.<br>&nbsp;<span style=\"font-weight: 700;\">Grosor de Hoja 58 y 68 cm<\/span>\n                    <br>El grosor de la hoja es crucial para la durabilidad y la resistencia de tu balc\u00f3n.Ya sea que prefieras un grosor de 58 o 68, te garantizamos que tu balc\u00f3n se mantendr\u00e1 en pie y&nbsp;resistir\u00e1 el paso del tiempo.<br>&nbsp;<span style=\"font-weight: 700;\">Cristales a Tu Elecci\u00f3n<\/span>\n                    <br>Ofrecemos la opci\u00f3n de a\u00f1adir&nbsp;cristales climalit.Estos cristales ofrecen&nbsp;excelentes propiedades aislantes, asegurando que tu balc\u00f3n est\u00e9 c\u00f3modo todo el a\u00f1o, sin importar el clima.<br><span style=\"font-weight: 700;\">&nbsp;Fabricaci\u00f3n a&nbsp; Medida:&nbsp;Tu Balc\u00f3n, Tu Elecci\u00f3n<\/span>\n                    <br>En cuanto a la personalizaci\u00f3n, el cielo es el l\u00edmite.<br>Puedes optar por un acabado con barnizado para realzar la belleza de la madera y protegerla de los elementos.<br>Ya sea que prefieras un estilo r\u00fastico, funcional o moderno, tu balc\u00f3n puede ser fabricado a medida para satisfacer tus necesidades y deseos.<br>&nbsp;<span style=\"font-weight: 700;\">Env\u00edos a Toda Espa\u00f1a<\/span>\n                    <br>Ofrecemos env\u00edos a toda Espa\u00f1a,&nbsp;puedes tener tu balc\u00f3n de ensue\u00f1o sin importar donde te encuentres. \n                  <\/p>\n                <\/div>\n              <\/div>\n            <\/div>\n          <\/div>\n        <\/div>\n      <\/div>\n    <\/section>\n    <section class=\"u-clearfix u-white u-section-19\" id=\"sec-3518\">\n      <div class=\"u-clearfix u-sheet u-valign-middle-lg u-valign-middle-md u-valign-middle-sm u-valign-middle-xs u-sheet-1\">\n        <div class=\"u-align-left u-opacity u-opacity-60 u-palette-3-base u-right-0 u-shape u-shape-1\"><\/div>\n        <div class=\"data-layout-selected u-clearfix u-layout-wrap u-layout-wrap-1\">\n          <div class=\"u-layout\" style=\"\">\n            <div class=\"u-layout-row\" style=\"\">\n              <div class=\"u-align-center u-container-align-center u-container-style u-hidden-sm u-hidden-xs u-layout-cell u-left-cell u-size-5 u-layout-cell-1\">\n                <div class=\"u-container-layout u-valign-middle u-container-layout-1\">\n                  <div class=\"u-align-left u-border-16 u-border-custom-color-1 u-left-0 u-line u-line-vertical u-line-1\"><\/div>\n                <\/div>\n              <\/div>\n              <div class=\"u-container-style u-layout-cell u-right-cell u-size-55 u-layout-cell-2\">\n                <div class=\"u-container-layout u-valign-middle-lg u-valign-middle-md u-valign-middle-sm u-valign-middle-xs u-container-layout-2\">\n                  <h2 class=\"u-text u-text-1\">\n                    <font color=\"#000000\">Preguntas Frecuentes<\/font>: \n                  <\/h2>\n                  <p class=\"u-text u-text-2\"><span style=\"font-weight: 700;\">\u00bfLos balcones vienen con garant\u00eda?<\/span>\n                    <br>\u00a1Por supuesto! Ofrecemos&nbsp;garant\u00eda en todos nuestros productos&nbsp;para asegurarte de que est\u00e1s obteniendo lo mejor.<br>&nbsp;<span style=\"font-weight: 700;\">\u00bfPuedo pedir un dise\u00f1o personalizado para mi balc\u00f3n?<\/span>\n                    <br>\u00a1Absolutamente! Creemos que cada balc\u00f3n debe ser tan \u00fanico como su propietario.<br>&nbsp;<span style=\"font-weight: 700;\">\u00bfCu\u00e1nto tiempo tardar\u00e1 en llegar mi balc\u00f3n?<\/span>\n                    <br>El tiempo de entrega var\u00eda dependiendo de la ubicaci\u00f3n y la personalizaci\u00f3n del balc\u00f3n.<br>&nbsp;<span style=\"font-weight: 700;\">\u00bfOfrecen instalaci\u00f3n de los balcones?<\/span>\n                    <br>S\u00ed, ofrecemos servicios de instalaci\u00f3n a un costo adicional.<br>&nbsp;<span style=\"font-weight: 700;\">\u00bfCu\u00e1l es la vida \u00fatil de un balc\u00f3n de madera maciza?<\/span>\n                    <br>Con el cuidado adecuado, los balcones de madera maciza pueden&nbsp;durar d\u00e9cadas.<br>&nbsp;<span style=\"font-weight: 700;\">\u00bfC\u00f3mo debo cuidar mi balc\u00f3n de madera?<br><\/span>Recomendamos limpiar regularmente el balc\u00f3n y aplicar un sellador o barniz protector al menos una vez cada 4&nbsp;a\u00f1os. \n                  <\/p>\n                <\/div>\n              <\/div>\n            <\/div>\n          <\/div>\n        <\/div>\n      <\/div>\n    <\/section>\n    <section class=\"u-clearfix u-white u-section-20\" id=\"sec-0107\">\n      <div class=\"u-clearfix u-sheet u-valign-middle-lg u-valign-middle-md u-valign-middle-sm u-sheet-1\">\n        <div class=\"u-align-left u-opacity u-opacity-60 u-palette-3-base u-right-0 u-shape u-shape-1\"><\/div>\n        <div class=\"data-layout-selected u-clearfix u-layout-wrap u-layout-wrap-1\">\n          <div class=\"u-layout\" style=\"\">\n            <div class=\"u-layout-row\" style=\"\">\n              <div class=\"u-align-center u-container-align-center u-container-style u-hidden-sm u-hidden-xs u-layout-cell u-left-cell u-size-5 u-layout-cell-1\">\n                <div class=\"u-container-layout u-valign-middle u-container-layout-1\">\n                  <div class=\"u-align-left u-border-16 u-border-custom-color-1 u-left-0 u-line u-line-vertical u-line-1\"><\/div>\n                <\/div>\n              <\/div>\n              <div class=\"u-container-style u-layout-cell u-right-cell u-size-55 u-layout-cell-2\">\n                <div class=\"u-container-layout u-valign-middle-lg u-valign-middle-md u-valign-middle-sm u-valign-middle-xs u-container-layout-2\">\n                  <h2 class=\"u-text u-text-1\">\n                    <font color=\"#000000\"> Un Balc\u00f3n para So\u00f1ar<\/font>: \n                  <\/h2>\n                  <p class=\"u-text u-text-2\"> Un balc\u00f3n no es solo una parte de tu hogar, sino un portal a tu propio rinc\u00f3n de paz y belleza.<br>Puedes&nbsp;crear el balc\u00f3n de tus sue\u00f1os&nbsp;en maderas macizas de Pino e Iroko, modelo europeo, fabricable en cualquier medida, .<br>Ya sea que prefieras el encanto r\u00fastico, el estilo funcional o el dise\u00f1o moderno, tenemos lo que necesitas.Y con env\u00edos a toda Espa\u00f1a, tu balc\u00f3n de ensue\u00f1o est\u00e1 a solo un clic de distancia. \n                  <\/p>\n                <\/div>\n              <\/div>\n            <\/div>\n          <\/div>\n        <\/div>\n      <\/div>\n    <\/section>\n    <section class=\"u-align-center u-clearfix u-container-align-center u-container-align-center-lg u-container-align-center-md u-container-align-center-sm u-container-align-center-xl u-section-21\" id=\"sec-646d\">\n      <div class=\"u-clearfix u-sheet u-valign-middle-lg u-valign-middle-md u-valign-middle-sm u-sheet-1\"><span class=\"u-file-icon u-icon u-text-palette-1-base u-icon-1\"><img decoding=\"async\" src=\"https:\/\/suminis-carpinterialoreto.com\/wp-content\/uploads\/2025\/10\/file16-1-3.jpg\" alt=\"\"><\/span>\n        <h2 class=\"u-text u-text-1\">Pide Presupuesto<\/h2>\n        <p class=\"u-text u-text-2\"> Ahora puede solicitar precio de cualquiera de nuestros art\u00edculos de una manera f\u00e1cil y sencilla.P\u00eddanos m\u00e1s v\u00eddeos, im\u00e1genes y documentos a trav\u00e9s de whatsapp o email para m\u00e1s info sobre el producto que desea.<\/p>\n        <div class=\"u-custom-color-4 u-form u-radius-10 u-form-1\">\n          <form action=\"https:\/\/service.nicepagesrv.com\/form\/v4\/form-process\" class=\"u-clearfix u-form-spacing-30 u-form-vertical u-inner-form\" style=\"padding: 50px;\" source=\"email\" name=\"form\">\n            <div class=\"u-form-email u-form-group u-form-partition-factor-2\">\n              <label for=\"email-319a\" class=\"u-label u-text-body-alt-color u-label-1\">Email<\/label>\n              <input type=\"email\" id=\"email-319a\" name=\"email\" class=\"u-border-3 u-border-no-left u-border-no-right u-border-no-top u-border-white u-input u-input-rectangle\" required=\"\">\n            <\/div>\n            <div class=\"u-form-group u-form-name u-form-partition-factor-2\">\n              <label for=\"name-319a\" class=\"u-label u-text-body-alt-color u-label-2\">Name<\/label>\n              <input type=\"text\" id=\"name-319a\" name=\"Tu nombre\" class=\"u-border-3 u-border-no-left u-border-no-right u-border-no-top u-border-white u-input u-input-rectangle\" required=\"\">\n            <\/div>\n            <div class=\"u-form-group u-form-message\">\n              <label for=\"message-319a\" class=\"u-label u-text-body-alt-color u-label-3\">Message<\/label>\n              <textarea rows=\"4\" cols=\"50\" id=\"message-319a\" name=\"Tu mensaje\" class=\"u-border-3 u-border-no-left u-border-no-right u-border-no-top u-border-white u-input u-input-rectangle\" required=\"\"><\/textarea>\n            <\/div>\n            <div class=\"u-align-left u-form-group u-form-submit\">\n              <a href=\"#\" class=\"u-active-palette-2-light-2 u-border-none u-btn u-btn-round u-btn-submit u-button-style u-hover-palette-2-light-2 u-radius-8 u-text-palette-2-base u-white u-btn-1\">Enviar<\/a>\n              <input type=\"submit\" value=\"submit\" class=\"u-form-control-hidden\">\n            <\/div>\n            <div class=\"u-form-send-message u-form-send-success\">Gracias! Tu mensaje ha sido enviado.<\/div>\n            <div class=\"u-form-send-error u-form-send-message\">No se puede enviar su mensaje. Por favor, corrija los errores y vuelva a intentarlo.<\/div>\n            <input type=\"hidden\" value=\"\" name=\"recaptchaResponse\">\n            <input type=\"hidden\" name=\"formServices\" value=\"4012a2d9-8bee-f29c-ceb5-b77714ec2994\">\n          <\/form>\n        <\/div>\n        <div class=\"u-social-icons u-social-icons-1\">\n          <a class=\"u-social-url\" target=\"_blank\" href=\"\"><span class=\"u-icon u-icon-circle u-social-facebook u-social-icon u-text-palette-2-base u-icon-2\"><svg class=\"u-svg-link\" preserveAspectRatio=\"xMidYMin slice\" viewBox=\"0 0 112 112\" style=\"\"><use xlink:href=\"#svg-f107\"><\/use><\/svg><svg x=\"0px\" y=\"0px\" viewBox=\"0 0 112 112\" id=\"svg-f107\" class=\"u-svg-content\"><path d=\"M75.5,28.8H65.4c-1.5,0-4,0.9-4,4.3v9.4h13.9l-1.5,15.8H61.4v45.1H42.8V58.3h-8.8V42.4h8.8V32.2 c0-7.4,3.4-18.8,18.8-18.8h13.8v15.4H75.5z\"><\/path><\/svg><\/span>\n          <\/a>\n          <a class=\"u-social-url\" target=\"_blank\" href=\"\"><span class=\"u-icon u-icon-circle u-social-icon u-social-twitter u-text-palette-2-base u-icon-3\"><svg class=\"u-svg-link\" preserveAspectRatio=\"xMidYMin slice\" viewBox=\"0 0 112 112\" style=\"\"><use xlink:href=\"#svg-e140\"><\/use><\/svg><svg x=\"0px\" y=\"0px\" viewBox=\"0 0 112 112\" id=\"svg-e140\" class=\"u-svg-content\"><path d=\"M92.2,38.2c0,0.8,0,1.6,0,2.3c0,24.3-18.6,52.4-52.6,52.4c-10.6,0.1-20.2-2.9-28.5-8.2 c1.4,0.2,2.9,0.2,4.4,0.2c8.7,0,16.7-2.9,23-7.9c-8.1-0.2-14.9-5.5-17.3-12.8c1.1,0.2,2.4,0.2,3.4,0.2c1.6,0,3.3-0.2,4.8-0.7 c-8.4-1.6-14.9-9.2-14.9-18c0-0.2,0-0.2,0-0.2c2.5,1.4,5.4,2.2,8.4,2.3c-5-3.3-8.3-8.9-8.3-15.4c0-3.4,1-6.5,2.5-9.2 c9.1,11.1,22.7,18.5,38,19.2c-0.2-1.4-0.4-2.8-0.4-4.3c0.1-10,8.3-18.2,18.5-18.2c5.4,0,10.1,2.2,13.5,5.7c4.3-0.8,8.1-2.3,11.7-4.5 c-1.4,4.3-4.3,7.9-8.1,10.1c3.7-0.4,7.3-1.4,10.6-2.9C98.9,32.3,95.7,35.5,92.2,38.2z\"><\/path><\/svg><\/span>\n          <\/a>\n          <a class=\"u-social-url\" target=\"_blank\" href=\"\"><span class=\"u-icon u-icon-circle u-social-icon u-social-instagram u-text-palette-2-base u-icon-4\"><svg class=\"u-svg-link\" preserveAspectRatio=\"xMidYMin slice\" viewBox=\"0 0 112 112\" style=\"\"><use xlink:href=\"#svg-4718\"><\/use><\/svg><svg x=\"0px\" y=\"0px\" viewBox=\"0 0 112 112\" id=\"svg-4718\" class=\"u-svg-content\"><path d=\"M55.9,32.9c-12.8,0-23.2,10.4-23.2,23.2s10.4,23.2,23.2,23.2s23.2-10.4,23.2-23.2S68.7,32.9,55.9,32.9z M55.9,69.4c-7.4,0-13.3-6-13.3-13.3c-0.1-7.4,6-13.3,13.3-13.3s13.3,6,13.3,13.3C69.3,63.5,63.3,69.4,55.9,69.4z\"><\/path><path d=\"M79.7,26.8c-3,0-5.4,2.5-5.4,5.4s2.5,5.4,5.4,5.4c3,0,5.4-2.5,5.4-5.4S82.7,26.8,79.7,26.8z\"><\/path><path d=\"M78.2,11H33.5C21,11,10.8,21.3,10.8,33.7v44.7c0,12.6,10.2,22.8,22.7,22.8h44.7c12.6,0,22.7-10.2,22.7-22.7 V33.7C100.8,21.1,90.6,11,78.2,11z M91,78.4c0,7.1-5.8,12.8-12.8,12.8H33.5c-7.1,0-12.8-5.8-12.8-12.8V33.7 c0-7.1,5.8-12.8,12.8-12.8h44.7c7.1,0,12.8,5.8,12.8,12.8V78.4z\"><\/path><\/svg><\/span>\n          <\/a>\n          <a class=\"u-social-url\" target=\"_blank\" href=\"#\"><span class=\"u-icon u-icon-circle u-social-icon u-social-linkedin u-text-palette-2-base u-icon-5\"><svg class=\"u-svg-link\" preserveAspectRatio=\"xMidYMin slice\" viewBox=\"0 0 112 112\" style=\"\"><use xlink:href=\"#svg-438b\"><\/use><\/svg><svg x=\"0px\" y=\"0px\" viewBox=\"0 0 112 112\" id=\"svg-438b\" class=\"u-svg-content\"><path d=\"M33.8,96.8H14.5v-58h19.3V96.8z M24.1,30.9L24.1,30.9c-6.6,0-10.8-4.5-10.8-10.1c0-5.8,4.3-10.1,10.9-10.1 S34.9,15,35.1,20.8C35.1,26.4,30.8,30.9,24.1,30.9z M103.3,96.8H84.1v-31c0-7.8-2.7-13.1-9.8-13.1c-5.3,0-8.5,3.6-9.9,7.1 c-0.6,1.3-0.6,3-0.6,4.8V97H44.5c0,0,0.3-52.6,0-58h19.3v8.2c2.6-3.9,7.2-9.6,17.4-9.6c12.7,0,22.2,8.4,22.2,26.1V96.8z\"><\/path><\/svg><\/span>\n          <\/a>\n        <\/div>\n      <\/div>\n    <\/section>\n    \n    \n    \n  \n","protected":false},"excerpt":{"rendered":"<p>Suminis CarpinteriaLoreto&nbsp;&nbsp; CONTACTANOS Nuestra empresa en numeros: +5000 PUERTA FABRICADAS En estos casi 50 a\u00f1os de existencia, hemos fabricado m\u00e1s de 5000 puerta, ventanas&#8230; +4.958 CLIENTES FELICES Durante de tantos a\u00f1os de fabricar las puertas, hemos hecho felices m\u00e1s de 4000 de nuestros clientes +3.129 REUNIONES Hemos realizado mas de 3000 reuniones para poder satisfacer &hellip; <a href=\"https:\/\/suminis-carpinterialoreto.com\/\" class=\"more-link\">Continue reading<span class=\"screen-reader-text\"> \u00abINICIO\u00bb<\/span><\/a><\/p>\n","protected":false},"author":1,"featured_media":0,"parent":0,"menu_order":0,"comment_status":"closed","ping_status":"closed","template":"","meta":{"footnotes":""},"class_list":["post-506","page","type-page","status-publish","hentry"],"_links":{"self":[{"href":"https:\/\/suminis-carpinterialoreto.com\/index.php\/wp-json\/wp\/v2\/pages\/506","targetHints":{"allow":["GET"]}}],"collection":[{"href":"https:\/\/suminis-carpinterialoreto.com\/index.php\/wp-json\/wp\/v2\/pages"}],"about":[{"href":"https:\/\/suminis-carpinterialoreto.com\/index.php\/wp-json\/wp\/v2\/types\/page"}],"author":[{"embeddable":true,"href":"https:\/\/suminis-carpinterialoreto.com\/index.php\/wp-json\/wp\/v2\/users\/1"}],"replies":[{"embeddable":true,"href":"https:\/\/suminis-carpinterialoreto.com\/index.php\/wp-json\/wp\/v2\/comments?post=506"}],"version-history":[{"count":11,"href":"https:\/\/suminis-carpinterialoreto.com\/index.php\/wp-json\/wp\/v2\/pages\/506\/revisions"}],"predecessor-version":[{"id":723,"href":"https:\/\/suminis-carpinterialoreto.com\/index.php\/wp-json\/wp\/v2\/pages\/506\/revisions\/723"}],"wp:attachment":[{"href":"https:\/\/suminis-carpinterialoreto.com\/index.php\/wp-json\/wp\/v2\/media?parent=506"}],"curies":[{"name":"wp","href":"https:\/\/api.w.org\/{rel}","templated":true}]}}